{"id":2157,"date":"2021-09-07T18:59:36","date_gmt":"2021-09-07T18:59:36","guid":{"rendered":"https:\/\/canoekayakbretagne.fr\/index.php\/pole-espoir\/"},"modified":"2024-03-05T11:06:43","modified_gmt":"2024-03-05T10:06:43","slug":"pole-espoir","status":"publish","type":"page","link":"https:\/\/canoekayakbretagne.fr\/index.php\/pole-espoir\/","title":{"rendered":"P\u00f4le Espoirs"},"content":{"rendered":"\t\t<div data-elementor-type=\"wp-page\" data-elementor-id=\"2157\" class=\"elementor elementor-2157\">\n\t\t\t\t\t\t<section class=\"elementor-section elementor-top-section elementor-element elementor-element-41a815e6 elementor-section-boxed elementor-section-height-default elementor-section-height-default\" data-id=\"41a815e6\" data-element_type=\"section\" data-e-type=\"section\">\n\t\t\t\t\t\t<div class=\"elementor-container elementor-column-gap-default\">\n\t\t\t\t\t<div class=\"elementor-column elementor-col-100 elementor-top-column elementor-element elementor-element-9377a15\" data-id=\"9377a15\" data-element_type=\"column\" data-e-type=\"column\">\n\t\t\t<div class=\"elementor-widget-wrap elementor-element-populated\">\n\t\t\t\t\t\t<div class=\"elementor-element elementor-element-443bdbb elementor-widget elementor-widget-image\" data-id=\"443bdbb\" data-element_type=\"widget\" data-e-type=\"widget\" data-widget_type=\"image.default\">\n\t\t\t\t<div class=\"elementor-widget-container\">\n\t\t\t\t\t\t\t\t\t\t\t\t\t\t\t<img fetchpriority=\"high\" decoding=\"async\" width=\"800\" height=\"465\" src=\"https:\/\/canoekayakbretagne.fr\/wp-content\/uploads\/2023\/03\/IMG_1487-1024x595.jpg\" class=\"attachment-large size-large wp-image-4024\" alt=\"\" srcset=\"https:\/\/canoekayakbretagne.fr\/wp-content\/uploads\/2023\/03\/IMG_1487-1024x595.jpg 1024w, https:\/\/canoekayakbretagne.fr\/wp-content\/uploads\/2023\/03\/IMG_1487-300x174.jpg 300w, https:\/\/canoekayakbretagne.fr\/wp-content\/uploads\/2023\/03\/IMG_1487-768x447.jpg 768w, https:\/\/canoekayakbretagne.fr\/wp-content\/uploads\/2023\/03\/IMG_1487-1536x893.jpg 1536w, https:\/\/canoekayakbretagne.fr\/wp-content\/uploads\/2023\/03\/IMG_1487-2048x1191.jpg 2048w, https:\/\/canoekayakbretagne.fr\/wp-content\/uploads\/2023\/03\/IMG_1487-600x349.jpg 600w\" sizes=\"(max-width: 800px) 100vw, 800px\" \/>\t\t\t\t\t\t\t\t\t\t\t\t\t\t\t<\/div>\n\t\t\t\t<\/div>\n\t\t\t\t<div class=\"elementor-element elementor-element-7872d6e e-grid-align-mobile-left elementor-shape-rounded elementor-grid-0 e-grid-align-center elementor-widget elementor-widget-social-icons\" data-id=\"7872d6e\" data-element_type=\"widget\" data-e-type=\"widget\" data-widget_type=\"social-icons.default\">\n\t\t\t\t<div class=\"elementor-widget-container\">\n\t\t\t\t\t\t\t<div class=\"elementor-social-icons-wrapper elementor-grid\">\n\t\t\t\t\t\t\t<span class=\"elementor-grid-item\">\n\t\t\t\t\t<a class=\"elementor-icon elementor-social-icon elementor-social-icon-instagram elementor-animation-shrink elementor-repeater-item-0786070\" href=\"https:\/\/www.instagram.com\/pole_espoirs_slalom_bretagne\/\" target=\"_blank\">\n\t\t\t\t\t\t<span class=\"elementor-screen-only\">Instagram<\/span>\n\t\t\t\t\t\t<i aria-hidden=\"true\" class=\"fab fa-instagram\"><\/i>\t\t\t\t\t<\/a>\n\t\t\t\t<\/span>\n\t\t\t\t\t<\/div>\n\t\t\t\t\t\t<\/div>\n\t\t\t\t<\/div>\n\t\t\t\t<div class=\"elementor-element elementor-element-8008e58 elementor-widget elementor-widget-image\" data-id=\"8008e58\" data-element_type=\"widget\" data-e-type=\"widget\" data-widget_type=\"image.default\">\n\t\t\t\t<div class=\"elementor-widget-container\">\n\t\t\t\t\t\t\t\t\t\t\t\t\t\t\t<img decoding=\"async\" width=\"1\" height=\"1\" src=\"https:\/\/canoekayakbretagne.fr\/wp-content\/uploads\/2023\/03\/IMG_1487.heic\" class=\"attachment-large size-large wp-image-4018\" alt=\"\" \/>\t\t\t\t\t\t\t\t\t\t\t\t\t\t\t<\/div>\n\t\t\t\t<\/div>\n\t\t\t\t<div class=\"elementor-element elementor-element-21dac5b elementor-widget elementor-widget-video\" data-id=\"21dac5b\" data-element_type=\"widget\" data-e-type=\"widget\" data-settings=\"{&quot;youtube_url&quot;:&quot;https:\\\/\\\/youtu.be\\\/0DvLJB4Jdp8&quot;,&quot;autoplay&quot;:&quot;yes&quot;,&quot;play_on_mobile&quot;:&quot;yes&quot;,&quot;loop&quot;:&quot;yes&quot;,&quot;video_type&quot;:&quot;youtube&quot;,&quot;controls&quot;:&quot;yes&quot;}\" data-widget_type=\"video.default\">\n\t\t\t\t<div class=\"elementor-widget-container\">\n\t\t\t\t\t\t\t<div class=\"elementor-wrapper elementor-open-inline\">\n\t\t\t<div class=\"elementor-video\"><\/div>\t\t<\/div>\n\t\t\t\t\t\t<\/div>\n\t\t\t\t<\/div>\n\t\t\t\t<div class=\"elementor-element elementor-element-2a6d66f4 elementor-widget elementor-widget-text-editor\" data-id=\"2a6d66f4\" data-element_type=\"widget\" data-e-type=\"widget\" data-widget_type=\"text-editor.default\">\n\t\t\t\t<div class=\"elementor-widget-container\">\n\t\t\t\t\t\t\t\t\t<h2>\u00a0<\/h2><h6 dir=\"ltr\" style=\"line-height: 1.38; text-indent: 36pt; text-align: justify; margin-top: 0pt; margin-bottom: 0pt;\"><span style=\"font-size: 11pt; font-family: Arial; color: #000000; background-color: transparent; font-weight: 400; font-style: normal; font-variant: normal; text-decoration: none; vertical-align: baseline; white-space: pre-wrap;\">Structure d&rsquo;entra\u00eenement \u00e0 la charge du comit\u00e9 r\u00e9gional de Bretagne de cano\u00eb-kayak et lab\u00e9llis\u00e9e\/identifi\u00e9e par le minist\u00e8re charg\u00e9 des sports et la FFCK. Il assure la formation et l\u2019\u00e9ducation des sportifs(ves) de haut niveau pour permettre aux meilleurs d\u2019int\u00e9grer les \u00e9quipes de France dans la perspectives des grandes \u00e9ch\u00e9ances\u00a0 internationales. Des s\u00e9ances sont programm\u00e9es 1 \u00e0 deux fois par jour et sont anim\u00e9es par des cadres dipl\u00f4m\u00e9s. Stages et actions organis\u00e9es tout au long de la saison, accompagnement sur les \u00e9ch\u00e9ances importantes.<\/span><\/h6><h6 dir=\"ltr\" style=\"line-height: 1.38; text-indent: 36pt; text-align: justify; margin-top: 0pt; margin-bottom: 0pt;\"><span style=\"font-size: 11pt; font-family: Arial; color: #000000; background-color: transparent; font-weight: 400; font-style: normal; font-variant: normal; text-decoration: none; vertical-align: baseline; white-space: pre-wrap;\">\u00a0<\/span><\/h6><h6 dir=\"ltr\" style=\"line-height: 1.38; text-indent: 36pt; text-align: justify; margin-top: 0pt; margin-bottom: 0pt;\"><span style=\"font-size: 11pt; font-family: Arial; color: #000000; background-color: transparent; font-weight: 400; font-style: normal; font-variant: normal; text-decoration: none; vertical-align: baseline; white-space: pre-wrap;\">Le P\u00f4le France met \u00e0 disposition du P\u00f4le Espoirs ses locaux de 1000m2 (vestiaires, salles de repos, salle de musculation, salle de cours, local v\u00e9lo, local bateaux, locaux r\u00e9paration, s\u00e9choir,&#8230;). Acc\u00e8s au nouveau stade d\u2019eau vive de Cesson, piscine, piste d\u2019athl\u00e9tisme, terrains de sports collectifs,..<\/span><\/h6><h6 dir=\"ltr\" style=\"line-height: 1.38; text-indent: 36pt; text-align: justify; margin-top: 0pt; margin-bottom: 0pt;\"><span style=\"font-size: 11pt; font-family: Arial; color: #000000; background-color: transparent; font-weight: 400; font-style: normal; font-variant: normal; text-decoration: none; vertical-align: baseline; white-space: pre-wrap;\">\u00a0<\/span><\/h6><h6 dir=\"ltr\" style=\"line-height: 1.38; text-align: justify; margin-top: 0pt; margin-bottom: 0pt;\"><span style=\"font-size: 11pt; font-family: Arial; color: #000000; background-color: transparent; font-weight: 400; font-style: normal; font-variant: normal; text-decoration: none; vertical-align: baseline; white-space: pre-wrap;\">Le suivi de la scolarit\u00e9 est assur\u00e9 gr\u00e2ce \u00e0 une \u00e9troite collaboration entre les lyc\u00e9es (Gen. techno et Pro) et le coll\u00e8ge de la ville et le p\u00f4le espoirs par l&rsquo;interm\u00e9diaire du CTR coordinateur du PE, qui est pr\u00e9sent \u00e0 chaque conseil de classe. Un emploi du temps am\u00e9nag\u00e9 permet la lib\u00e9ration de 2 cr\u00e9neaux d&rsquo;entra\u00eenement par jour (midi et soir), les absences li\u00e9es aux comp\u00e9titions et stages sont \u00e9galement justifi\u00e9es aupr\u00e8s de la vie scolaire.<\/span><\/h6><h6 dir=\"ltr\" style=\"line-height: 1.38; text-align: justify; margin-top: 0pt; margin-bottom: 0pt;\"><span style=\"font-size: 11pt; font-family: Arial; color: #000000; background-color: transparent; font-weight: 400; font-style: normal; font-variant: normal; text-decoration: none; vertical-align: baseline; white-space: pre-wrap;\">\u00a0<\/span><\/h6><h6 dir=\"ltr\" style=\"line-height: 1.38; text-align: justify; margin-top: 0pt; margin-bottom: 0pt;\"><span style=\"font-size: 11pt; font-family: Arial; color: #000000; background-color: transparent; font-weight: 400; font-style: normal; font-variant: normal; text-decoration: none; vertical-align: baseline; white-space: pre-wrap;\">Un nouvel internat est ouvert depuis l\u2019ann\u00e9e derni\u00e8re au lyc\u00e9e S\u00e9vign\u00e9, \u00e0 seulement 8 minutes \u00e0 v\u00e9lo du p\u00f4le, accueillant \u00e9galement les coll\u00e9giens en 3\u00e8me.\u00a0<\/span><\/h6><h6 dir=\"ltr\" style=\"line-height: 1.38; text-align: justify; margin-top: 0pt; margin-bottom: 0pt;\"><span style=\"font-size: 11pt; font-family: Arial; color: #000000; background-color: transparent; font-weight: 400; font-style: normal; font-variant: normal; text-decoration: none; vertical-align: baseline; white-space: pre-wrap;\">\u00a0<\/span><\/h6><h6 dir=\"ltr\" style=\"line-height: 1.38; text-align: justify; margin-top: 0pt; margin-bottom: 0pt;\"><span style=\"font-size: 11pt; font-family: Arial; color: #000000; background-color: transparent; font-weight: 400; font-style: normal; font-variant: normal; text-decoration: none; vertical-align: baseline; white-space: pre-wrap;\">Le suivi m\u00e9dical : Le service de m\u00e9decine du sport du CHU de Pontchaillou assure la surveillance m\u00e9dicale r\u00e9glementaire (SMR). Pour les probl\u00e8mes au cours de l\u2019ann\u00e9e, le r\u00e9seau du P\u00f4le France permet d\u2019obtenir des rendez-vous rapidement avec un m\u00e9decin.<\/span><\/h6><h6 dir=\"ltr\" style=\"line-height: 1.38; text-align: justify; margin-top: 0pt; margin-bottom: 0pt;\"><span style=\"font-size: 11pt; font-family: Arial; color: #000000; background-color: transparent; font-weight: 400; font-style: normal; font-variant: normal; text-decoration: none; vertical-align: baseline; white-space: pre-wrap;\">\u00a0<\/span><\/h6><h6 dir=\"ltr\" style=\"line-height: 1.38; text-align: justify; margin-top: 0pt; margin-bottom: 0pt;\"><span style=\"font-size: 11pt; font-family: Arial; color: #000000; background-color: transparent; font-weight: 400; font-style: normal; font-variant: normal; text-decoration: none; vertical-align: baseline; white-space: pre-wrap;\">3 Kin\u00e9s sont pr\u00e9sents au P\u00f4le 3 soirs par semaine, un suivi psychologique devrait \u00eatre mis en place sous peu.<\/span><\/h6><h6 dir=\"ltr\" style=\"line-height: 1.38; text-align: justify; margin-top: 0pt; margin-bottom: 0pt;\"><span style=\"font-size: 11pt; font-family: Arial; color: #000000; background-color: transparent; font-weight: 400; font-style: normal; font-variant: normal; text-decoration: none; vertical-align: baseline; white-space: pre-wrap;\">\u00a0<\/span><\/h6><h6 dir=\"ltr\" style=\"line-height: 1.38; text-align: justify; margin-top: 0pt; margin-bottom: 0pt;\">\u00a0<\/h6>\t\t\t\t\t\t\t\t<\/div>\n\t\t\t\t<\/div>\n\t\t\t\t\t<\/div>\n\t\t<\/div>\n\t\t\t\t\t<\/div>\n\t\t<\/section>\n\t\t\t\t<\/div>\n\t\t","protected":false},"excerpt":{"rendered":"<p>Instagram https:\/\/youtu.be\/0DvLJB4Jdp8 \u00a0 Structure d&rsquo;entra\u00eenement \u00e0 la charge du comit\u00e9 r\u00e9gional de Bretagne de cano\u00eb-kayak et lab\u00e9llis\u00e9e\/identifi\u00e9e par le minist\u00e8re<\/p>\n","protected":false},"author":2,"featured_media":0,"parent":0,"menu_order":0,"comment_status":"closed","ping_status":"closed","template":"elementor_theme","meta":{"colormag_page_container_layout":"default_layout","colormag_page_sidebar_layout":"default_layout","footnotes":""},"class_list":["post-2157","page","type-page","status-publish","hentry"],"yoast_head":"<!-- This site is optimized with the Yoast SEO plugin v27.2 - https:\/\/yoast.com\/product\/yoast-seo-wordpress\/ -->\n<title>P\u00f4le Espoirs - Comit\u00e9 R\u00e9gional de Bretagne de Cano\u00eb-Kayak - CRBCK<\/title>\n<meta name=\"robots\" content=\"index, follow, max-snippet:-1, max-image-preview:large, max-video-preview:-1\" \/>\n<link rel=\"canonical\" href=\"https:\/\/canoekayakbretagne.fr\/index.php\/pole-espoir\/\" \/>\n<meta property=\"og:locale\" content=\"fr_FR\" \/>\n<meta property=\"og:type\" content=\"article\" \/>\n<meta property=\"og:title\" content=\"P\u00f4le Espoirs - Comit\u00e9 R\u00e9gional de Bretagne de Cano\u00eb-Kayak - CRBCK\" \/>\n<meta property=\"og:description\" content=\"Instagram https:\/\/youtu.be\/0DvLJB4Jdp8 \u00a0 Structure d&rsquo;entra\u00eenement \u00e0 la charge du comit\u00e9 r\u00e9gional de Bretagne de cano\u00eb-kayak et lab\u00e9llis\u00e9e\/identifi\u00e9e par le minist\u00e8re\" \/>\n<meta property=\"og:url\" content=\"https:\/\/canoekayakbretagne.fr\/index.php\/pole-espoir\/\" \/>\n<meta property=\"og:site_name\" content=\"Comit\u00e9 R\u00e9gional de Bretagne de Cano\u00eb-Kayak - CRBCK\" \/>\n<meta property=\"article:modified_time\" content=\"2024-03-05T10:06:43+00:00\" \/>\n<meta property=\"og:image\" content=\"https:\/\/canoekayakbretagne.fr\/wp-content\/uploads\/2023\/03\/IMG_1487-1024x595.jpg\" \/>\n<meta name=\"twitter:card\" content=\"summary_large_image\" \/>\n<meta name=\"twitter:label1\" content=\"Dur\u00e9e de lecture estim\u00e9e\" \/>\n\t<meta name=\"twitter:data1\" content=\"2 minutes\" \/>\n<script type=\"application\/ld+json\" class=\"yoast-schema-graph\">{\"@context\":\"https:\/\/schema.org\",\"@graph\":[{\"@type\":\"WebPage\",\"@id\":\"https:\/\/canoekayakbretagne.fr\/index.php\/pole-espoir\/\",\"url\":\"https:\/\/canoekayakbretagne.fr\/index.php\/pole-espoir\/\",\"name\":\"P\u00f4le Espoirs - Comit\u00e9 R\u00e9gional de Bretagne de Cano\u00eb-Kayak - CRBCK\",\"isPartOf\":{\"@id\":\"https:\/\/canoekayakbretagne.fr\/#website\"},\"primaryImageOfPage\":{\"@id\":\"https:\/\/canoekayakbretagne.fr\/index.php\/pole-espoir\/#primaryimage\"},\"image\":{\"@id\":\"https:\/\/canoekayakbretagne.fr\/index.php\/pole-espoir\/#primaryimage\"},\"thumbnailUrl\":\"https:\/\/canoekayakbretagne.fr\/wp-content\/uploads\/2023\/03\/IMG_1487-1024x595.jpg\",\"datePublished\":\"2021-09-07T18:59:36+00:00\",\"dateModified\":\"2024-03-05T10:06:43+00:00\",\"breadcrumb\":{\"@id\":\"https:\/\/canoekayakbretagne.fr\/index.php\/pole-espoir\/#breadcrumb\"},\"inLanguage\":\"fr-FR\",\"potentialAction\":[{\"@type\":\"ReadAction\",\"target\":[\"https:\/\/canoekayakbretagne.fr\/index.php\/pole-espoir\/\"]}]},{\"@type\":\"ImageObject\",\"inLanguage\":\"fr-FR\",\"@id\":\"https:\/\/canoekayakbretagne.fr\/index.php\/pole-espoir\/#primaryimage\",\"url\":\"https:\/\/canoekayakbretagne.fr\/wp-content\/uploads\/2023\/03\/IMG_1487-scaled.jpg\",\"contentUrl\":\"https:\/\/canoekayakbretagne.fr\/wp-content\/uploads\/2023\/03\/IMG_1487-scaled.jpg\",\"width\":2560,\"height\":1488},{\"@type\":\"BreadcrumbList\",\"@id\":\"https:\/\/canoekayakbretagne.fr\/index.php\/pole-espoir\/#breadcrumb\",\"itemListElement\":[{\"@type\":\"ListItem\",\"position\":1,\"name\":\"Accueil\",\"item\":\"https:\/\/canoekayakbretagne.fr\/\"},{\"@type\":\"ListItem\",\"position\":2,\"name\":\"P\u00f4le Espoirs\"}]},{\"@type\":\"WebSite\",\"@id\":\"https:\/\/canoekayakbretagne.fr\/#website\",\"url\":\"https:\/\/canoekayakbretagne.fr\/\",\"name\":\"Comit\u00e9 R\u00e9gional de Bretagne de Cano\u00eb-Kayak - CRBCK\",\"description\":\"&quot;Les sports de pagaie, partout o\u00f9 il y a de l\u2019eau.&quot;\",\"publisher\":{\"@id\":\"https:\/\/canoekayakbretagne.fr\/#organization\"},\"potentialAction\":[{\"@type\":\"SearchAction\",\"target\":{\"@type\":\"EntryPoint\",\"urlTemplate\":\"https:\/\/canoekayakbretagne.fr\/?s={search_term_string}\"},\"query-input\":{\"@type\":\"PropertyValueSpecification\",\"valueRequired\":true,\"valueName\":\"search_term_string\"}}],\"inLanguage\":\"fr-FR\"},{\"@type\":\"Organization\",\"@id\":\"https:\/\/canoekayakbretagne.fr\/#organization\",\"name\":\"Comit\u00e9 R\u00e9gional de Bretagne de Cano\u00eb-Kayak - CRBCK\",\"url\":\"https:\/\/canoekayakbretagne.fr\/\",\"logo\":{\"@type\":\"ImageObject\",\"inLanguage\":\"fr-FR\",\"@id\":\"https:\/\/canoekayakbretagne.fr\/#\/schema\/logo\/image\/\",\"url\":\"https:\/\/canoekayakbretagne.fr\/wp-content\/uploads\/2022\/01\/cropped-LOGO_BRETAGNE_300x300.jpg\",\"contentUrl\":\"https:\/\/canoekayakbretagne.fr\/wp-content\/uploads\/2022\/01\/cropped-LOGO_BRETAGNE_300x300.jpg\",\"width\":300,\"height\":300,\"caption\":\"Comit\u00e9 R\u00e9gional de Bretagne de Cano\u00eb-Kayak - CRBCK\"},\"image\":{\"@id\":\"https:\/\/canoekayakbretagne.fr\/#\/schema\/logo\/image\/\"}}]}<\/script>\n<!-- \/ Yoast SEO plugin. -->","yoast_head_json":{"title":"P\u00f4le Espoirs - Comit\u00e9 R\u00e9gional de Bretagne de Cano\u00eb-Kayak - CRBCK","robots":{"index":"index","follow":"follow","max-snippet":"max-snippet:-1","max-image-preview":"max-image-preview:large","max-video-preview":"max-video-preview:-1"},"canonical":"https:\/\/canoekayakbretagne.fr\/index.php\/pole-espoir\/","og_locale":"fr_FR","og_type":"article","og_title":"P\u00f4le Espoirs - Comit\u00e9 R\u00e9gional de Bretagne de Cano\u00eb-Kayak - CRBCK","og_description":"Instagram https:\/\/youtu.be\/0DvLJB4Jdp8 \u00a0 Structure d&rsquo;entra\u00eenement \u00e0 la charge du comit\u00e9 r\u00e9gional de Bretagne de cano\u00eb-kayak et lab\u00e9llis\u00e9e\/identifi\u00e9e par le minist\u00e8re","og_url":"https:\/\/canoekayakbretagne.fr\/index.php\/pole-espoir\/","og_site_name":"Comit\u00e9 R\u00e9gional de Bretagne de Cano\u00eb-Kayak - CRBCK","article_modified_time":"2024-03-05T10:06:43+00:00","og_image":[{"url":"https:\/\/canoekayakbretagne.fr\/wp-content\/uploads\/2023\/03\/IMG_1487-1024x595.jpg","type":"","width":"","height":""}],"twitter_card":"summary_large_image","twitter_misc":{"Dur\u00e9e de lecture estim\u00e9e":"2 minutes"},"schema":{"@context":"https:\/\/schema.org","@graph":[{"@type":"WebPage","@id":"https:\/\/canoekayakbretagne.fr\/index.php\/pole-espoir\/","url":"https:\/\/canoekayakbretagne.fr\/index.php\/pole-espoir\/","name":"P\u00f4le Espoirs - Comit\u00e9 R\u00e9gional de Bretagne de Cano\u00eb-Kayak - CRBCK","isPartOf":{"@id":"https:\/\/canoekayakbretagne.fr\/#website"},"primaryImageOfPage":{"@id":"https:\/\/canoekayakbretagne.fr\/index.php\/pole-espoir\/#primaryimage"},"image":{"@id":"https:\/\/canoekayakbretagne.fr\/index.php\/pole-espoir\/#primaryimage"},"thumbnailUrl":"https:\/\/canoekayakbretagne.fr\/wp-content\/uploads\/2023\/03\/IMG_1487-1024x595.jpg","datePublished":"2021-09-07T18:59:36+00:00","dateModified":"2024-03-05T10:06:43+00:00","breadcrumb":{"@id":"https:\/\/canoekayakbretagne.fr\/index.php\/pole-espoir\/#breadcrumb"},"inLanguage":"fr-FR","potentialAction":[{"@type":"ReadAction","target":["https:\/\/canoekayakbretagne.fr\/index.php\/pole-espoir\/"]}]},{"@type":"ImageObject","inLanguage":"fr-FR","@id":"https:\/\/canoekayakbretagne.fr\/index.php\/pole-espoir\/#primaryimage","url":"https:\/\/canoekayakbretagne.fr\/wp-content\/uploads\/2023\/03\/IMG_1487-scaled.jpg","contentUrl":"https:\/\/canoekayakbretagne.fr\/wp-content\/uploads\/2023\/03\/IMG_1487-scaled.jpg","width":2560,"height":1488},{"@type":"BreadcrumbList","@id":"https:\/\/canoekayakbretagne.fr\/index.php\/pole-espoir\/#breadcrumb","itemListElement":[{"@type":"ListItem","position":1,"name":"Accueil","item":"https:\/\/canoekayakbretagne.fr\/"},{"@type":"ListItem","position":2,"name":"P\u00f4le Espoirs"}]},{"@type":"WebSite","@id":"https:\/\/canoekayakbretagne.fr\/#website","url":"https:\/\/canoekayakbretagne.fr\/","name":"Comit\u00e9 R\u00e9gional de Bretagne de Cano\u00eb-Kayak - CRBCK","description":"&quot;Les sports de pagaie, partout o\u00f9 il y a de l\u2019eau.&quot;","publisher":{"@id":"https:\/\/canoekayakbretagne.fr\/#organization"},"potentialAction":[{"@type":"SearchAction","target":{"@type":"EntryPoint","urlTemplate":"https:\/\/canoekayakbretagne.fr\/?s={search_term_string}"},"query-input":{"@type":"PropertyValueSpecification","valueRequired":true,"valueName":"search_term_string"}}],"inLanguage":"fr-FR"},{"@type":"Organization","@id":"https:\/\/canoekayakbretagne.fr\/#organization","name":"Comit\u00e9 R\u00e9gional de Bretagne de Cano\u00eb-Kayak - CRBCK","url":"https:\/\/canoekayakbretagne.fr\/","logo":{"@type":"ImageObject","inLanguage":"fr-FR","@id":"https:\/\/canoekayakbretagne.fr\/#\/schema\/logo\/image\/","url":"https:\/\/canoekayakbretagne.fr\/wp-content\/uploads\/2022\/01\/cropped-LOGO_BRETAGNE_300x300.jpg","contentUrl":"https:\/\/canoekayakbretagne.fr\/wp-content\/uploads\/2022\/01\/cropped-LOGO_BRETAGNE_300x300.jpg","width":300,"height":300,"caption":"Comit\u00e9 R\u00e9gional de Bretagne de Cano\u00eb-Kayak - CRBCK"},"image":{"@id":"https:\/\/canoekayakbretagne.fr\/#\/schema\/logo\/image\/"}}]}},"_links":{"self":[{"href":"https:\/\/canoekayakbretagne.fr\/index.php\/wp-json\/wp\/v2\/pages\/2157","targetHints":{"allow":["GET"]}}],"collection":[{"href":"https:\/\/canoekayakbretagne.fr\/index.php\/wp-json\/wp\/v2\/pages"}],"about":[{"href":"https:\/\/canoekayakbretagne.fr\/index.php\/wp-json\/wp\/v2\/types\/page"}],"author":[{"embeddable":true,"href":"https:\/\/canoekayakbretagne.fr\/index.php\/wp-json\/wp\/v2\/users\/2"}],"replies":[{"embeddable":true,"href":"https:\/\/canoekayakbretagne.fr\/index.php\/wp-json\/wp\/v2\/comments?post=2157"}],"version-history":[{"count":84,"href":"https:\/\/canoekayakbretagne.fr\/index.php\/wp-json\/wp\/v2\/pages\/2157\/revisions"}],"predecessor-version":[{"id":4813,"href":"https:\/\/canoekayakbretagne.fr\/index.php\/wp-json\/wp\/v2\/pages\/2157\/revisions\/4813"}],"wp:attachment":[{"href":"https:\/\/canoekayakbretagne.fr\/index.php\/wp-json\/wp\/v2\/media?parent=2157"}],"curies":[{"name":"wp","href":"https:\/\/api.w.org\/{rel}","templated":true}]}}